{"id":3052,"date":"2017-02-08T21:00:49","date_gmt":"2017-02-08T21:00:49","guid":{"rendered":"http:\/\/ficae.es\/?page_id=3052"},"modified":"2017-02-18T11:24:35","modified_gmt":"2017-02-18T11:24:35","slug":"programacion-3-ficae","status":"publish","type":"page","link":"https:\/\/ficae.es\/en\/programacion-3-ficae\/","title":{"rendered":"3 FICAE PROGRAMME  \u2013 Diseases International Short Film and Art Festival \/  2017"},"content":{"rendered":"<p><\/p>\n<hr \/>\n<p><a href=\"https:\/\/ficae.es\/wp-content\/uploads\/2017\/02\/3FICAE_PROGRAM_ENGLISH_16FEB.pdf\"><img loading=\"lazy\" class=\"alignnone wp-image-425\" src=\"https:\/\/ficae.es\/wp-content\/uploads\/2016\/01\/36751.png\" alt=\"36751\" width=\"56\" height=\"56\" srcset=\"https:\/\/ficae.es\/wp-content\/uploads\/2016\/01\/36751.png 256w, https:\/\/ficae.es\/wp-content\/uploads\/2016\/01\/36751-150x150.png 150w\" sizes=\"(max-width: 56px) 100vw, 56px\" \/>\u00a0 <span id=\"result_box\" class=\"short_text\" lang=\"en\" tabindex=\"-1\"><span class=\"\">DOWNLOAD THE FULL PROGRAM HERE<\/span><\/span><\/a><\/p>\n<hr \/>\n<table width=\"432\">\n<tbody>\n<tr>\n<td width=\"432\"><strong>OPENING FESTIVAL \/ IVAM<\/strong><\/td>\n<\/tr>\n<\/tbody>\n<\/table>\n<p>February 25th, 19 h \u2013 21 h<br \/>\nWith the special screening of <strong><em>Before We Go<\/em><\/strong><br \/>\nWith the presence of its director, Jorge Le\u00f3n<br \/>\nDocumentary, 82\u2019 (Belgium, 2014)<\/p>\n<hr \/>\n<table width=\"432\">\n<tbody>\n<tr>\n<td width=\"432\"><strong>OFFICIAL SECTION \/ IVAM<\/strong><\/td>\n<\/tr>\n<\/tbody>\n<\/table>\n<p>THURSDAY 2 MARCH<br \/>\nMORNING 11 \u2013 14 h<\/p>\n<hr \/>\n<p>CELLS<\/p>\n<hr \/>\n<p>Session presented by Maite Mont\u00f3n Barranco, from <a href=\"http:\/\/www.asociacionasaco.es\/\">ASACO<\/a> (Association of Affected by Ovarian Cancer) and author of the blog\u00a0<a href=\"http:\/\/www.lazoscontraelcancer.com\/\"><em>Lazos contra el c\u00e1ncer<\/em><\/a> (<em>Links Against Cancer<\/em>)<\/p>\n<p><em>Raisa, <\/em>Pavel Cuzuioc, Moldavia, 15\u2019, Fiction<br \/>\n<em>La voix du p\u00e8re\u00a0<\/em>(<em>Rock\u2019n\u2019Roll Will Never Die<\/em>), Mathias Rifkiss\/Colas Rifkiss, France, 20\u2019, Fiction<br \/>\n<em>Soy Unoentrecienmil, <\/em>Pen\u00e9lope Cruz, Spain, 30\u2019, Documentary<br \/>\n<em>SHELL, <\/em>Daniel Ahrens, Germany, 4\u2019, Animation<br \/>\n<em>Lingua Absentia, <\/em>Kate Raney, USA, 10\u2019, Animation<\/p>\n<hr \/>\n<p>CONTEXTS (1)<\/p>\n<hr \/>\n<p>Session presented by \u00c1lvar Mart\u00ednez, Researcher at the\u00a0<a href=\"http:\/\/www.uv.es\/uvweb\/instituto-universitario-historia-medicina-ciencia-lopez-pinero\/es\/instituto-historia-medicina-ciencia-lopez-pinero-1285893059754.html\">Instituto de Historia de la Medicina y de la Ciencia L\u00f3pez Pi\u00f1ero<\/a> de la Universitat de Val\u00e8ncia<\/p>\n<p><em>La casa de piedra<\/em> (<em>The Stone House<\/em>)<em>, <\/em>Vanesa Abajo P\u00e9rez, Spain, 12\u2019, Documentary<br \/>\n<em>\u0424\u0435\u043b\u0434\u0448\u0435\u0440\u044a\u0442 \u0441 \u043c\u043e\u0442\u043e\u0440\u00a0<\/em>(<em>The Paramedic on a Motorbike<\/em>), Borislav Stankov, Bulgaria, 25\u2019, Documentary<br \/>\n<em>Si la gente no te entiende, busc\u00e1 otra gente <\/em>(<em>If People Don\u2019t Get You, Get Other People<\/em>), Paula Pallares, Argentina, 16\u2019, Documentary<\/p>\n<hr \/>\n<p>FRIDAY 3 MARCH<br \/>\nMORNING 11 \u2013 15h<\/p>\n<hr \/>\n<p>THE GOOD DEATH<\/p>\n<hr \/>\n<p>Session presented by Javier Velasco, President of Association <a href=\"http:\/\/www.eutanasia.ws\/principal.htm\">DMD<\/a> (Right to Die with Dignity) of the Valencian Community<\/p>\n<p><em>Donde caen las hojas <\/em>(<em>Where Leaves Fall<\/em>), Alicia Albares Mart\u00ednez, Spain, 19\u2019, Fiction<br \/>\n<em>The Stroll, <\/em>Ki-hun Shin, South Korea, 13\u2019, Fiction<br \/>\n<em>Pomahoba<\/em>\u00a0(<em>Romanova<\/em>), Taymuraz Gogaev, Russia, 16\u2019, Fiction<br \/>\n<em>Promissum, <\/em>Sverre Gr\u00e5blomst Galgum, Norway, 6\u2019, Fiction<br \/>\n<em>\uc548\uac1c<\/em> <em>\uc704\uc5d0<\/em><em>\u00a0<\/em>(<em>Above the Mist<\/em>), Gabriel Galand, South Korea, 8\u2019, Fiction<br \/>\n<em>Hanging, <\/em>Nick LeDonne, USA, 6\u2019, Animation<br \/>\n<em>Nouazeci si doi mai mult sau mai putin<\/em> (<em>Ninety-two More or Less<\/em>), Brindusa Ioana Nastasa, Romania, 17\u2019, Documentary<\/p>\n<hr \/>\n<p>CARES<\/p>\n<hr \/>\n<p>Session presented by Julio Fern\u00e1ndez Garrido, Dean of the <a href=\"http:\/\/www.uv.es\/uvweb\/enfermeria-podologia\/es\/facultad-enfermeria-podologia-1285850234948.html\">Faculty of Nursing and Podology \/ UV<\/a><\/p>\n<p><em>Con sana alegr\u00eda <\/em>(<em>Days of Wholesome Joy<\/em>), Claudia Mu\u00f1iz P\u00e9rez, Cuba, 18\u2019, Fiction<br \/>\n<em>Inside the Wolf\u2019s Belly: Adventures of Little Red Cap<\/em>, Lidiya Huzhva, Ukraine, 10\u2019, Fiction<br \/>\n<em>Riphsime and Shota, <\/em>Lasha Basharuli, Georgia, 13\u2019, Documentary<br \/>\n<em>La profesora de ingl\u00e9s <\/em>(<em>The English Teacher<\/em>), Al\u00e1n Gonz\u00e1lez, Cuba, 16\u2019, Fiction<\/p>\n<hr \/>\n<p>AFTERNOON 16 \u2013 21h<\/p>\n<hr \/>\n<p>STIGMAS<\/p>\n<hr \/>\n<p>Session presented by David Peyr\u00f3, from <a href=\"http:\/\/lambdavalencia.org\/es\/\">Lambda<\/a>, collective of lesbians, gays, transsexuals and bisexuals<\/p>\n<p><em>GIVE, <\/em>Ilias Walchshofer, Germany, 15\u2019, Fiction<br \/>\n<em>Meta, <\/em>Andr\u00e9 Baeta\/Miguel Trevisan, Portugal, 23\u2019, Documentary<br \/>\n<em>Horizonte de eventos <\/em>(<em>Event Horizon<\/em>), Gil Baroni, Brazil, 15\u2019, Documentary<br \/>\n<em>\u0416\u0435\u043d\u0449\u0438\u043d\u044b +<\/em> (<em>Women+),<\/em> Nastia Kuzyakova, Russia, 20\u2019, Documentary<\/p>\n<hr \/>\n<p>GRAY SITUATIONS<\/p>\n<hr \/>\n<p>Session presented by Pepe Miralles and Ricard Mamblona, Directors of FICAE \u2013 Diseases International Short Film and Art Festival \/ UPV<\/p>\n<p><em>20 Minutes, <\/em>Asal Gharib, Iran, 10\u2019, Fiction<br \/>\n<em>Laisse moi\u00a0<\/em>(<em>Leave Me<\/em>), Tommaso Gorani, France, 17\u2019, Fiction<br \/>\n<em>Faux d\u00e9part\u00a0<\/em>(<em>Almost There<\/em>), Fran\u00e7ois Za\u00efdi, France, 9\u2019, Fiction<br \/>\n<em>Born in Battle, <\/em>Yangzom Brauen, Switzerland, 20\u2019, Fiction<br \/>\n<em>Yamuk Ev<\/em> (<em>The Skewed House<\/em>), \u00d6mer Ka\u00e7ar, Turkey, 13\u2019, Fiction<br \/>\n<em>Clean Dating, <\/em>Yan Decoppet\/C\u00e9dric Gottet, Switzerland, 9\u2019, Fiction<br \/>\n<em>DUST &#8211; The wanted life, <\/em>Gabriele Falsetta, Germany, 22\u2019, Documentary<br \/>\n<em>Alle tankers slekt\u00a0<\/em>(<em>All Thoughts Are Kin<\/em>), Aleksander Johan, Norway, 25\u2019, Documentary<br \/>\n<a href=\"https:\/\/chinese.yabla.com\/chinese-english-pinyin-dictionary.php?define=%E5%AE%B6\"><em>\u5bb6<\/em><\/a> <em>(Home), <\/em>Jabez Koh, Singapure, 6\u2019, Documentary<br \/>\n<em>Los ni\u00f1os que salieron de un agujero negro <\/em>(<em>Children Who Came Out of a Black Hole<\/em>), David Esquivel, Spain, 15\u2019, Documentary<br \/>\n<em>Farv\u00e4l<\/em>\u00a0(<em>Farewell<\/em>), Anna Melin, Sweden, 5\u2019, Documentary<br \/>\n<em>Immersion, <\/em>Lalita Brunner, Switzerland, 4\u2019, Animation<br \/>\n<em>Powerman, <\/em>Alberto Serrano, Colombia, 9\u2019, Animation<br \/>\n<em>Okay?, <\/em>Triet Le, USA, 2\u2019, Animation<\/p>\n<hr \/>\n<p>SATURDAY 4 MARCH<br \/>\nMORNING 11 \u2013 14 h<\/p>\n<hr \/>\n<p>ABYSS<\/p>\n<hr \/>\n<p>Session presented by Ana Mor\u00f3n Esteban, Psicologist and Manager of\u00a0<a href=\"http:\/\/www.afav.org\/\">AFAV<\/a>, Association of Relatives Alzheimer Valencia<\/p>\n<p><em>One Last Dance, <\/em>Will Rowson, UK, 4\u2019, Animation<br \/>\n<em>L&#8217;age de deraison, <\/em>(<em>Age of Unreason<\/em>), Braunstein Philippe, France, 20\u2019, Fiction<br \/>\n<em>Avalon, <\/em>Vincenzo De Jonghe, Belgium, 13\u2019, Fiction<br \/>\n<em>\ud6a8\uc790<\/em>\u00a0(<em>A Good Son<\/em>), Sangwook Ahn, South Korea, 14\u2019, Fiction<br \/>\n<em>What Time Is It?, <\/em>Karine Versluis, Netherlands, 6\u2019, Documentary<br \/>\n<em>El abuelo <\/em>(<em>The Grandfather<\/em>), Carlos Cuadrado Torrico, Spain, 18\u2019, Documentary<br \/>\n<em>Surrender, <\/em>Julien Gignac, Canada, 17\u2019, Documentary<br \/>\n<em>La geometria fragile della memoria\u00a0<\/em>(<em>A Fragile Geometry<\/em>), Ambra Tonini, Italy, 5\u2019, Documentary<\/p>\n<hr \/>\n<p>CONTEXTS (2)<\/p>\n<hr \/>\n<p>Session presented by Jos\u00e9 L. Barona, Researcher at\u00a0<a href=\"http:\/\/www.uv.es\/uvweb\/instituto-universitario-historia-medicina-ciencia-lopez-pinero\/es\/instituto-historia-medicina-ciencia-lopez-pinero-1285893059754.html\">Instituto de Historia de la Medicina y de la Ciencia L\u00f3pez Pi\u00f1ero<\/a> de la Universitat de Val\u00e8ncia<\/p>\n<p><em>Mr. Joe Lives Alone, <\/em>Daneeta L Jackson, USA, 6\u2019, Documentary<br \/>\n<em>Hidden Time, <\/em>Cewna DourandiSean, Iran, 14\u2019, Fiction<br \/>\n<em>Gemelos <\/em>(<em>Twins<\/em>), Pablo Radice, Argentina, 13\u2019, Documentary<br \/>\n<em>\u0110\u00e0n B\u1ea7u<\/em> <em>Lullaby (Dan Bau Lullaby), <\/em>Jakeb Anhvu, Vietnam, 9\u2019, Documentary<\/p>\n<hr \/>\n<p>AFTERNOON 16 \u2013 19 h<\/p>\n<hr \/>\n<p>MISCELLANY<\/p>\n<hr \/>\n<p>Session presented by Pepe Miralles and Ricard Mamblona, Directors of FICAE \u2013 Diseases International Short Film and Art Festival \/ UPV<\/p>\n<p><em>Kollegen (Colleagues), <\/em>Damian Weber, Germany, 11\u2019, Fiction<br \/>\n<em>Bellanca, <\/em>V\u00edctor Nores, Spain, 18\u2019, Fiction<br \/>\n<em>Saudade, <\/em>Sahori Pacheco, Mexico, 16\u2019, Fiction<br \/>\n<em>Non <\/em><em>\u00e8 volare\u00a0<\/em>(<em>It\u2019s not About Flying<\/em>), Marcello Cotugno, Italy, 14\u2019, Fiction<br \/>\n<em>Sterre, <\/em>Catherine van Campen, Netherlands, 19\u2019, Documentary<br \/>\n<em>A World Within Four Walls, <\/em>Patdeep Chaudhuri, India, 23\u2019, Documentary<br \/>\n<em>\u062f\u0631<\/em> <em>\u0622\u0631\u0627\u0645\u0634<\/em> <em>\u0646\u0641\u0633<\/em> <em>\u0628\u06a9\u0634<\/em><em>\u00a0<\/em>(<em>Breathe in Peace<\/em>), Mehdi Kuhkan, Iran, 11\u2019, Documentary<br \/>\n<em>[j\u00fcrg], <\/em>Raphael Meyer, Switzerland, 19\u2019, Documentary<br \/>\n<em>Blood sugar, <\/em>Joe Hitchcock, New Zealand, 4\u2019, Documentary<br \/>\n<em>Persona. Estructuras primarias <\/em>(Persona. Primary Structures), Mikel Belascoain \/ <span class=\"_5yl5\">Miguel Go\u00f1i Aguinaga <\/span>, Espa\u00f1a, 30\u2019, Documental<\/p>\n<hr \/>\n<p><strong>OFFICIAL SECTION \/ LAS NAVES<\/strong><\/p>\n<hr \/>\n<p>THURSDAY 2 MARCH<br \/>\nAFTERNOON 16:30 \u2013 21 h<\/p>\n<hr \/>\n<p>DIVERSITIES<\/p>\n<hr \/>\n<p>Session presented by Pepe Miralles and Ricard Mamblona, Directors of FICAE \u2013 Diseases International Short Film and Art Festival \/ UPV<\/p>\n<p><em>Vida <\/em>(<em>Life<\/em>), Rub\u00e9n R\u00edos, Spain, 17\u2019, Fiction<br \/>\n<em>Nice Job, <\/em>Tigran Sahakyan, Russia, 13\u2019, Fiction<br \/>\n<em>The Truants, <\/em>Aaron Dunleavy, UK, 13\u2019, Fiction<br \/>\n<em>Speechless in Japan, <\/em>Weronika Mliczewska, Poland, 24\u2019, Documentary<br \/>\n<em>Mut zum Leben\u00a0<\/em>(<em>Courage to Live<\/em>), Claire Walka\/Petra Wernz, Germany, 14\u2019, Documentary<br \/>\n<em>Mama, Tata, trebuie sa va spun ceva\u00a0<\/em>(<em>Mom, Dad, I Have to Tell You Something<\/em>), Paul Muresan, Romania, 6\u2019, Animation<br \/>\n<em>Random Walks, <\/em>Borb\u00e1la Tompa, Hungary, 7\u2019, Animation<\/p>\n<hr \/>\n<p>SYMPTOM OR SOCIAL DISEASE?<\/p>\n<hr \/>\n<p>Session presented by Enric Novella, Researcher at\u00a0<a href=\"http:\/\/www.uv.es\/uvweb\/instituto-universitario-historia-medicina-ciencia-lopez-pinero\/es\/instituto-historia-medicina-ciencia-lopez-pinero-1285893059754.html\">Instituto de Historia de la Medicina y de la Ciencia L\u00f3pez Pi\u00f1ero<\/a> de la Universitat de Val\u00e8ncia<\/p>\n<p><em>La voz del agua <\/em>(<em>The Voice of the Water<\/em>), \u00c1lvaro El\u00edas, Spain, 20\u2019, Fiction<br \/>\n<em>Dopado, <\/em>Piotr Wieckowski, Poland, 15\u2019, Fiction<br \/>\n<em>Ziba, <\/em>Ali Farkhonde, Turkey, 9\u2019, Fiction<br \/>\n<em>M\u00f3j pierwszy raz\u00a0<\/em>(<em>My First Time in Life<\/em>), Krzysztof Ku\u017anicki, Poland, 15\u2019, Documentary<br \/>\n<em>Isabella Morra, <\/em>Isabel Pagliai, France, 22\u2019, Documentary<br \/>\n<em>DataMine, <\/em>Tim Tracey, Canada, 6\u2019, Animation<\/p>\n<hr \/>\n<p><strong>CLOSING FESTIVAL \/ IVAM<\/strong><\/p>\n<hr \/>\n<p>March 4th, 19:30 &#8211; 21 h<br \/>\nWinners&#8217; Awards and screening of the Winner\u2019s Short Films<\/p>\n<hr \/>\n<table width=\"432\">\n<tbody>\n<tr>\n<td width=\"432\"><strong>PARALLEL SECTIONS<\/strong><\/td>\n<\/tr>\n<\/tbody>\n<\/table>\n<hr \/>\n<p><strong>UNIVERSITAT POLIT\u00c8CNICA DE VAL\u00c8NCIA<\/strong><br \/>\n<strong>FACULTAT DE BELLES ARTS<\/strong><br \/>\n<strong><em>Unstable Zone. Videoart, essay and experimentation<\/em><\/strong><br \/>\nFebruary 27th, 11 &#8211; 14 h<\/p>\n<p>Session presented by Lorena Rodr\u00edguez Mattal\u00eda <span id=\"result_box\" class=\"short_text\" lang=\"en\"><span class=\"\">Professor of Fine Arts<\/span><\/span> and Ricard Mamblona, codirector of FICAE<\/p>\n<p><em>SU PUTA MADRE<\/em> (Official Section &#8211; Documentary), Beatriz Regueira Pons, Spain, 24\u2019<br \/>\n<em>An(ti)thesis<\/em>, Alice Aires, UK, 5\u2019<br \/>\n<em>Confident<\/em> (<span class=\"_5yl5\">Confidente<\/span>), Karen Akerman \/ <span class=\"_5yl5\">Miguel Seabra Lopes<\/span>, Brasil, 13\u2019<br \/>\n<em>Gimp Gait<\/em>, Pioneer Winter y Tabatha Mudra, USA, 6\u2019<br \/>\n<em>Psychoanimalja<\/em>, Izabela Chamczyk, Poland, 8\u2019<br \/>\n<em>Sensitive<\/em>, Ut Barley Sugar, France, 4\u2019<br \/>\n<em>Sneeze<\/em>, Yunjin La-mei Woo, USA, 6\u2019<br \/>\n<em>Those Drawn Alive<\/em>, Jukka-Pekka Jalovaara, Finland, 7\u2019<br \/>\n<em>Tres corderos<\/em> (Three Lambs), David Pantale\u00f3n Rodr\u00edguez Rivero, Spain, 9\u2019<br \/>\n<em>When Nothing Never Happens<\/em>, Leona Kadijevi\u0107, UK, 10\u2019<\/p>\n<hr \/>\n<p><strong>UNIVERSITAT POLIT\u00c8CNICA DE VAL\u00c8NCIA<\/strong><br \/>\n<strong>CASA DE L\u2019ALUMNE<\/strong><br \/>\n<strong><em>Disrupting Homophobia<\/em><\/strong><br \/>\nFebruary 28th, 11 &#8211; 14 h<\/p>\n<hr \/>\n<p>Session presented by Pepe Miralles, codirector of FICAE and Secci\u00f3n LGTBI+<\/p>\n<p>With the screening of <strong><em>Homofobia. Diario de las v\u00edctimas<\/em><\/strong> (<strong><em>Homophobia. Diary of the victims<\/em><\/strong>), Documentary, 52\u2019, produced by RTVE for <em>Documentos TV <\/em>(Spain, 2016)<\/p>\n<p>This activity is part of the Project \u201c<a href=\"https:\/\/ficae.es\/miradas-tres-homofobia\/\">Miradas a tres: homofobia<\/a>\u201d (<em>Looks at Three: Homophobia<\/em>), carried out together with <a href=\"http:\/\/www.micevalencia.com\/\">MICE<\/a> (International Exhibition of Educational Cinema) and <a href=\"http:\/\/lambdavalencia.org\/mostralaploma2016\/\">Mostra La Ploma<\/a> (Film and Cultural Festival about LGTBI)<\/p>\n<hr \/>\n<p><strong>PALAU DE CERVER\u00d3<\/strong><br \/>\n<strong>INSTITUT D&#8217;HIST\u00d2RIA DE LA MEDICINA I DE LA CI\u00c8NCIA L\u00d3PEZ PI\u00d1ERO <\/strong><br \/>\n<strong><em>Health System: Damage Is Done<\/em><\/strong><br \/>\nFebruary 28th, 19 &#8211; 21 h<\/p>\n<p>Session presented by Antoni Merelles Tormo, Secretary of the <a href=\"http:\/\/www.uv.es\/uvweb\/enfermeria-podologia\/es\/facultad-enfermeria-podologia-1285850234948.html\">Faculty of Nursing and Podology \/ UV<\/a><\/p>\n<p><em>El da\u00f1o est\u00e1 hecho <\/em>(<em>Damage Is Done<\/em>), Documentary, 17\u2019, directed by Marina P\u00e9rez Trigueros (Spain, 2016)<br \/>\n<em>Rusl <\/em>(<em>Garbage<\/em>), (Official Selection \u2013 Documentary), 6\u2019, directed by Andri Eyjolfsson (Iceland, 2016)<\/p>\n<hr \/>\n<p><strong>OCTUBRE<\/strong><br \/>\n<strong>CENTRE DE CULTURA CONTEMPOR\u00c0NIA<\/strong><br \/>\n<strong><em>Siria, Facing the Indolence of the Others<\/em><\/strong><br \/>\nMarch 1st, 19 &#8211; 21 h<\/p>\n<p>Session presented by the Presidency of <a href=\"http:\/\/www.pulsodevida.com\/es\/\">Pulso de Vida Foundation<\/a> and Nacho Tarazona, from <a href=\"http:\/\/www.medicosdelmundo.org\/index.php\/mod.sedes\/mem.detalle\/id.20\/relcategoria.631\/relmenu.113\/link.1\">M\u00e9dicos del Mundo<\/a><\/p>\n<p>\u062d\u0635\u0627\u0631 (<em>Siege<\/em>), (Official Selection \u2013 Fiction), 2\u2019, directed by Thaer Al Shamali, (Syrian Arab Republic, 2016)<br \/>\n<em>\u0635\u0628\u0627\u062d \u0627\u0644\u0646\u0648\u0631<\/em>(<em>Good Morning<\/em>), (Official Selection \u2013 Fiction), 13\u2019, directed by Alhasan Yousef, (Syrian Arab Republic, 2016)<br \/>\n<em>Alan<\/em>, (Official Selection \u2013 Documentary), 9\u2019, directed by Mohammad S. Jouri, (Iraq, 2016(<\/p>\n<hr \/>\n<table width=\"432\">\n<tbody>\n<tr>\n<td width=\"432\"><strong>SPACES OF REFLECTION<\/strong><\/td>\n<\/tr>\n<\/tbody>\n<\/table>\n<hr \/>\n<p><strong>UNIVERSITAT POLIT\u00c8CNICA DE VAL\u00c8NCIA<\/strong><br \/>\n<strong>HALL SOLIDARI <\/strong><strong><em><br \/>\n<\/em><\/strong><strong><em>Lips Like Swords: Phobias Against the LGTBI Collective<\/em><\/strong><br \/>\nFebruary 27th \u2013 March 24th<\/p>\n<p>Activity presented by Carmelo Gabald\u00f3n and Juan Carreras, artists and students from the UPV and authors of the research carried out<\/p>\n<p>This activity is part of the Project \u201c<a href=\"https:\/\/ficae.es\/miradas-tres-homofobia\/\">Miradas a tres: homofobia<\/a>\u201d (<em>Looks at Three: Homophobia<\/em>), carried out together with <a href=\"http:\/\/www.micevalencia.com\/\">MICE<\/a> (International Exhibition of Educational Cinema) and <a href=\"http:\/\/lambdavalencia.org\/mostralaploma2016\/\">Mostra La Ploma<\/a> (Film and Cultural Festival about LGTBI)<\/p>\n<hr \/>\n<p><strong>IVAMlab<\/strong><br \/>\n<strong>INSTITUT VALENCI\u00c0 D\u2019ART MODERN<\/strong><br \/>\n<strong><em>Mutual Help. Educational Practice based on the video <\/em><\/strong><strong>Carrying<em>, by Pepe Espali\u00fa<\/em><\/strong><br \/>\nFebruary 28th, 10 &#8211; 15 h<br \/>\nActivity for Secondary Education Institutes<\/p>\n<hr \/>\n<p><strong>IVAMlab<\/strong><br \/>\n<strong>INSTITUT VALENCI\u00c0 D\u2019ART MODERN<\/strong><br \/>\n<strong>\u00a0<\/strong><br \/>\n<strong><em>Working Groups: The Good Death<\/em><\/strong><br \/>\nMarch 3rd, 13 &#8211; 14:30 h (After the screenings of the block \u201cThe Good Death\u201d)<br \/>\nWith the collaboration of Javier Velasco, President of the Association <a href=\"http:\/\/www.eutanasia.ws\/principal.htm\">DMD<\/a> (Right to Die with Dignity) of the Valencian Community<\/p>\n<p><strong><em>Working Groups: <\/em><\/strong><strong><em>HIV Preventive Innovation<\/em><\/strong><br \/>\nMarch 3rd, 18 &#8211; 19:30 h (After the screenings of the block \u201cStigmas\u201d)<br \/>\nWith the collaboration of David Peyr\u00f3, from Lambda, collective of lesbians, gays, transsexuals and bisexuals;\u00a0Jos\u00e9 Canales, from\u00a0<a href=\"http:\/\/www.comiteantisidavalencia.org\/\">Comit\u00e9 Ciudadano Anti-Sida<\/a> of the Valencian Community;\u00a0Esteban Brook-Hart, from\u00a0<a href=\"http:\/\/www.avacos-h.org\/\">AVACOS-H<\/a>, Valentian Association HIV, AIDS and Hepatitis, and\u00a0Ram\u00f3n Espacio, from\u00a0<a href=\"http:\/\/www.calcsicova.org\/\">CALCSICOVA<\/a>, Coordinator of HIV and AIDS Associations of the Valencian Community<\/p>\n<p>Technical Direction: Ana\u00efs Florin, Artist and Researcher<\/p>\n<hr \/>\n<p><strong>CENTRE DEL CARME <\/strong><br \/>\n<strong>CULTURA CONTEMPOR\u00c0NIA<\/strong><br \/>\n<strong><em>The Human Library<\/em><\/strong><br \/>\nMarch 4th, 11:30 &#8211; 14:30 h<\/p>\n<p>With 7 human books: Unemployed, Gypsy, Sex Worker Woman, Gay Man +, Low Income Caregiver Woman, Person with Mental Disorder, Person with Functional Diversity<\/p>\n<hr \/>\n<p><strong>FUNDACI\u00d3 LA POSTA<\/strong><br \/>\n<strong>CENTRO DE INVESTIGACI\u00d3N DE LA IMAGEN<\/strong><br \/>\n<strong><em>Conversa(c)tions <\/em><\/strong><br \/>\nFebruary 27th, 19 &#8211; 21 h<br \/>\nIn charge of Pepa L. Poquet, in conversation with Pepe Miralles<\/p>\n<hr \/>\n<table width=\"432\">\n<tbody>\n<tr>\n<td width=\"432\"><strong>INTERVENTIONS IN PUBLIC SPACES<\/strong><\/td>\n<\/tr>\n<\/tbody>\n<\/table>\n<hr \/>\n<p><strong>UNIVERSITAT POLIT\u00c8CNICA DE VAL\u00c8NCIA<\/strong><br \/>\n<strong>CAMPUS<\/strong><br \/>\n<strong><em>Presbyopia \u2013 Homophobia<\/em><\/strong><br \/>\nFrom February 27th<br \/>\nIntervention in two of the car park exits\u2019 of the UPV by Carmelo Gabald\u00f3n and Secci\u00f3n Invertida + A.C.T.<\/p>\n<p>This activity is part of the Project \u201c<a href=\"https:\/\/ficae.es\/miradas-tres-homofobia\/\">Miradas a tres: homofobia<\/a>\u201d (<em>Looks at Three: Homophobia<\/em>), carried out together with <a href=\"http:\/\/www.micevalencia.com\/\">MICE<\/a> (International Exhibition of Educational Cinema) and <a href=\"http:\/\/lambdavalencia.org\/mostralaploma2016\/\">Mostra La Ploma<\/a> (Film and Cultural Festival about LGTBI)<\/p>\n<hr \/>\n<p><strong>VALENCIA CITY HOSPITALS<\/strong><br \/>\n<strong><em>Project 730<\/em><\/strong><br \/>\nFrom February 26th<br \/>\nIntervention through the placement of Posters in Public Hospitals<br \/>\nIn charge of Mara Le\u00f3n<\/p>\n<hr \/>\n<table width=\"432\">\n<tbody>\n<tr>\n<td width=\"432\"><strong>LOCATIONS<\/strong><\/td>\n<\/tr>\n<\/tbody>\n<\/table>\n<hr \/>\n<p><strong>UNIVERSITAT POLIT\u00c8CNICA DE VAL\u00c8NCIA<\/strong><br \/>\n<strong>Faculty of Fine Arts \/ Campus<\/strong><br \/>\n<strong>Casa de l\u2019Alumne \/ Hall Solidari<\/strong><br \/>\nCamino de Vera, s\/n<br \/>\n46022 Valencia<\/p>\n<hr \/>\n<p><strong>IVAM <\/strong><br \/>\n<strong>Institut Valenci\u00e0 d\u2019Art Modern<\/strong><br \/>\nCalle de Guillem de Castro, 118<br \/>\n46003 Valencia<\/p>\n<hr \/>\n<p><strong>LAS NAVES<\/strong><br \/>\n<strong>Espai d\u2019Innovaci\u00f3 i Creaci\u00f3<\/strong><br \/>\nCalle de Juan Verdeguer, 16<br \/>\n46024 Valencia<\/p>\n<hr \/>\n<p><strong>PALAU DE CERVER\u00d3<\/strong><br \/>\n<strong>Institut d&#8217;Hist\u00f2ria de la Medicina i de la Ci\u00e8ncia L\u00f3pez Pi\u00f1ero <\/strong><br \/>\nUniversitat de Val\u00e8ncia<br \/>\nPlaza de Cisneros, 4<br \/>\n46003 Valencia<\/p>\n<hr \/>\n<p><strong>CENTRE DEL CARME <\/strong><br \/>\n<strong>Cultura Contempor\u00e0nia<\/strong><br \/>\nCalle del Museu, 2<br \/>\n46003 Valencia<\/p>\n<hr \/>\n<p><strong>OCTUBRE <\/strong><br \/>\n<strong>Centre de Cultura Contempor\u00e0nia<\/strong><br \/>\nCalle de Sant Ferran, 12<br \/>\n46001 Valencia<\/p>\n<hr \/>\n<p><strong>FUNDACI\u00d3 LA POSTA<\/strong><br \/>\n<strong>Centro de Investigaci\u00f3n de la Imagen<\/strong><br \/>\nCalle del Pintor Fillol, 2<br \/>\n46003 Valencia<\/p>\n<hr \/>\n<p><\/p>","protected":false},"excerpt":{"rendered":"<p>\u00a0 DOWNLOAD THE FULL PROGRAM HERE OPENING FESTIVAL \/ IVAM February 25th, 19 h \u2013 21 h With the special\u2026<\/p>\n<p class=\"continue-reading-button\"> <a class=\"continue-reading-link\" href=\"https:\/\/ficae.es\/en\/programacion-3-ficae\/\">Continue leyendo<i class=\"crycon-right-dir\"><\/i><\/a><\/p>\n","protected":false},"author":2,"featured_media":0,"parent":0,"menu_order":0,"comment_status":"closed","ping_status":"closed","template":"","meta":[],"categories":[],"_links":{"self":[{"href":"https:\/\/ficae.es\/en\/wp-json\/wp\/v2\/pages\/3052"}],"collection":[{"href":"https:\/\/ficae.es\/en\/wp-json\/wp\/v2\/pages"}],"about":[{"href":"https:\/\/ficae.es\/en\/wp-json\/wp\/v2\/types\/page"}],"author":[{"embeddable":true,"href":"https:\/\/ficae.es\/en\/wp-json\/wp\/v2\/users\/2"}],"replies":[{"embeddable":true,"href":"https:\/\/ficae.es\/en\/wp-json\/wp\/v2\/comments?post=3052"}],"version-history":[{"count":59,"href":"https:\/\/ficae.es\/en\/wp-json\/wp\/v2\/pages\/3052\/revisions"}],"predecessor-version":[{"id":3235,"href":"https:\/\/ficae.es\/en\/wp-json\/wp\/v2\/pages\/3052\/revisions\/3235"}],"wp:attachment":[{"href":"https:\/\/ficae.es\/en\/wp-json\/wp\/v2\/media?parent=3052"}],"wp:term":[{"taxonomy":"category","embeddable":true,"href":"https:\/\/ficae.es\/en\/wp-json\/wp\/v2\/categories?post=3052"}],"curies":[{"name":"wp","href":"https:\/\/api.w.org\/{rel}","templated":true}]}}